
{"id":7113,"date":"2017-06-07T09:03:41","date_gmt":"2017-06-07T09:03:41","guid":{"rendered":"http:\/\/www.grupgsr.com\/testimonios\/"},"modified":"2022-03-08T17:49:32","modified_gmt":"2022-03-08T17:49:32","slug":"testimonis","status":"publish","type":"page","link":"https:\/\/www.grupgsr.com\/ca\/testimonis\/","title":{"rendered":"testimonis"},"content":{"rendered":"[vc_row type=&#8221;in_container&#8221; full_screen_row_position=&#8221;middle&#8221; column_margin=&#8221;default&#8221; scene_position=&#8221;center&#8221; text_color=&#8221;dark&#8221; text_align=&#8221;left&#8221; top_padding=&#8221;50&#8243; overlay_strength=&#8221;0.3&#8243; shape_divider_position=&#8221;bottom&#8221; bg_image_animation=&#8221;none&#8221;][vc_column column_padding=&#8221;padding-3-percent&#8221; column_padding_position=&#8221;all&#8221; background_color_opacity=&#8221;0.5&#8243; background_hover_color_opacity=&#8221;1&#8243; column_link_target=&#8221;_self&#8221; column_shadow=&#8221;none&#8221; column_border_radius=&#8221;none&#8221; top_margin=&#8221;5&#8243; bottom_margin=&#8221;5&#8243; boxed=&#8221;true&#8221; width=&#8221;1\/3&#8243; tablet_width_inherit=&#8221;default&#8221; tablet_text_alignment=&#8221;default&#8221; phone_text_alignment=&#8221;default&#8221; overlay_strength=&#8221;0.3&#8243; column_border_width=&#8221;5px&#8221; column_border_color=&#8221;#c2a1e2&#8243; column_border_style=&#8221;dotted&#8221; bg_image_animation=&#8221;none&#8221;][testimonial_slider style=&#8221;default&#8221; star_rating_color=&#8221;accent-color&#8221;][testimonial image=&#8221;6782&#8243; star_rating=&#8221;none&#8221; title=&#8221;Testimonial&#8221; id=&#8221;1497344560127-0-8&#8243; tab_id=&#8221;1496826025166-2&#8243; name=&#8221;Ferran Adri\u00e0&#8221; quote=&#8221;Seria impossible entendre la gastronomia espanyola sense una empresa com grup gsr. Han participat en les fites m\u00e9s importants dels \u00faltims anys i, sobretot, la gent de l&#8217;ofici els estima.&#8221; subtitle=&#8221;Xef&#8221;][\/testimonial_slider][\/vc_column][vc_column column_padding=&#8221;padding-3-percent&#8221; column_padding_position=&#8221;all&#8221; background_color_opacity=&#8221;0.5&#8243; background_hover_color_opacity=&#8221;1&#8243; column_link_target=&#8221;_self&#8221; column_shadow=&#8221;none&#8221; column_border_radius=&#8221;none&#8221; top_margin=&#8221;5&#8243; bottom_margin=&#8221;5&#8243; boxed=&#8221;true&#8221; width=&#8221;1\/3&#8243; tablet_width_inherit=&#8221;default&#8221; tablet_text_alignment=&#8221;default&#8221; phone_text_alignment=&#8221;default&#8221; overlay_strength=&#8221;0.3&#8243; column_border_width=&#8221;5px&#8221; column_border_color=&#8221;#c2a1e2&#8243; column_border_style=&#8221;dotted&#8221; bg_image_animation=&#8221;none&#8221;][testimonial_slider style=&#8221;default&#8221; star_rating_color=&#8221;accent-color&#8221;][testimonial image=&#8221;6674&#8243; star_rating=&#8221;none&#8221; title=&#8221;Testimonial&#8221; id=&#8221;1497345448124-0-4&#8243; tab_id=&#8221;1496825863692-8&#8243; name=&#8221;Carme Ruscalleda&#8221; subtitle=&#8221;Xef&#8221; quote=&#8221;Per a mi les sigles gsr s\u00f3n garantia d&#8217;una organitzaci\u00f3 professional minuciosament treballada, des del talent i el coneixement de Roser Torras per la innovaci\u00f3, la&#8230;&#8221;][testimonial image=&#8221;6674&#8243; star_rating=&#8221;none&#8221; title=&#8221;Testimonial&#8221; id=&#8221;1498131630282-0-7&#8243; tab_id=&#8221;1496825863692-8&#8243; name=&#8221;Carme Ruscalleda&#8221; subtitle=&#8221;Xef&#8221; quote=&#8221;&#8230;difusi\u00f3, la convocat\u00f2ria, la presentaci\u00f3 o la cita gastron\u00f2mica m\u00e9s complexa i dif\u00edcil.&#8221;][\/testimonial_slider][\/vc_column][vc_column column_padding=&#8221;padding-3-percent&#8221; column_padding_position=&#8221;all&#8221; background_color_opacity=&#8221;0.5&#8243; background_hover_color_opacity=&#8221;1&#8243; column_link_target=&#8221;_self&#8221; column_shadow=&#8221;none&#8221; column_border_radius=&#8221;none&#8221; top_margin=&#8221;5&#8243; bottom_margin=&#8221;5&#8243; boxed=&#8221;true&#8221; width=&#8221;1\/3&#8243; tablet_width_inherit=&#8221;default&#8221; tablet_text_alignment=&#8221;default&#8221; phone_text_alignment=&#8221;default&#8221; overlay_strength=&#8221;0.3&#8243; column_border_width=&#8221;5px&#8221; column_border_color=&#8221;#c2a1e2&#8243; column_border_style=&#8221;dotted&#8221; bg_image_animation=&#8221;none&#8221;][testimonial_slider style=&#8221;default&#8221; star_rating_color=&#8221;accent-color&#8221;][testimonial image=&#8221;6792&#8243; star_rating=&#8221;none&#8221; title=&#8221;Testimonial&#8221; id=&#8221;1497344565198-0-8&#8243; tab_id=&#8221;1496825863799-4&#8243; name=&#8221;Joan Roca&#8221; subtitle=&#8221;Xef&#8221; quote=&#8221;Gsr \u00e9s un gran equip. Funciona amb precisi\u00f3 organitzant un dels congressos internacionals m\u00e9s important del m\u00f3n, i s&#8217;encoratja amb la passi\u00f3 gastron\u00f2mica de la fam\u00edlia que la va fundar, comunicant o gestionant amb gran professionalitat l&#8217;excel\u00b7l\u00e8ncia gastron\u00f2mica.&#8221;][\/testimonial_slider][\/vc_column][\/vc_row][vc_row type=&#8221;in_container&#8221; full_screen_row_position=&#8221;middle&#8221; column_margin=&#8221;default&#8221; scene_position=&#8221;center&#8221; text_color=&#8221;dark&#8221; text_align=&#8221;left&#8221; top_padding=&#8221;50&#8243; overlay_strength=&#8221;0.3&#8243; shape_divider_position=&#8221;bottom&#8221; bg_image_animation=&#8221;none&#8221;][vc_column column_padding=&#8221;padding-3-percent&#8221; column_padding_position=&#8221;all&#8221; background_color_opacity=&#8221;0.5&#8243; background_hover_color_opacity=&#8221;1&#8243; column_link_target=&#8221;_self&#8221; column_shadow=&#8221;none&#8221; column_border_radius=&#8221;none&#8221; top_margin=&#8221;5&#8243; bottom_margin=&#8221;5&#8243; boxed=&#8221;true&#8221; width=&#8221;1\/3&#8243; tablet_width_inherit=&#8221;default&#8221; tablet_text_alignment=&#8221;default&#8221; phone_text_alignment=&#8221;default&#8221; overlay_strength=&#8221;0.3&#8243; column_border_width=&#8221;5px&#8221; column_border_color=&#8221;#c2a1e2&#8243; column_border_style=&#8221;dotted&#8221; bg_image_animation=&#8221;none&#8221;][testimonial_slider style=&#8221;default&#8221; star_rating_color=&#8221;accent-color&#8221;][testimonial image=&#8221;6795&#8243; star_rating=&#8221;none&#8221; title=&#8221;Testimonial&#8221; id=&#8221;1497344560318-0-0&#8243; tab_id=&#8221;1496826474405-6&#8243; name=&#8221;Juan Mari Arzak&#8221; subtitle=&#8221;Xef&#8221; quote=&#8221;Si alguna cosa he de ressaltar de grup gsr \u2013un referent gastron\u00f2mic ja mundial-, amb el que tan intensament hem col\u00b7laborat des de fa gaireb\u00e9 un quart de segle, \u00e9s precisament el seu treball en equip, liderat, aix\u00f2 s\u00ed, per Roser Torras i altres importants prescriptors&#8230;&#8221;][testimonial image=&#8221;6795&#8243; star_rating=&#8221;none&#8221; title=&#8221;Testimonial&#8221; id=&#8221;1498132156647-0-2&#8243; tab_id=&#8221;1496826474405-6&#8243; name=&#8221;Juan Mari Arzak&#8221; subtitle=&#8221;Xef&#8221; quote=&#8221;&#8230;Un equip conjuntat i entusiasta que tan proper ens resulta, ja que el nostre restaurant es basa en els mateixos principis de treball en els que prima l&#8217;harmonia solid\u00e0ria i l&#8217;esfor\u00e7 conjunt.&#8221;][\/testimonial_slider][\/vc_column][vc_column column_padding=&#8221;padding-3-percent&#8221; column_padding_position=&#8221;all&#8221; background_color_opacity=&#8221;0.5&#8243; background_hover_color_opacity=&#8221;1&#8243; column_link_target=&#8221;_self&#8221; column_shadow=&#8221;none&#8221; column_border_radius=&#8221;none&#8221; top_margin=&#8221;5&#8243; bottom_margin=&#8221;5&#8243; boxed=&#8221;true&#8221; width=&#8221;1\/3&#8243; tablet_width_inherit=&#8221;default&#8221; tablet_text_alignment=&#8221;default&#8221; phone_text_alignment=&#8221;default&#8221; overlay_strength=&#8221;0.3&#8243; column_border_width=&#8221;5px&#8221; column_border_color=&#8221;#c2a1e2&#8243; column_border_style=&#8221;dotted&#8221; bg_image_animation=&#8221;none&#8221;][testimonial_slider style=&#8221;default&#8221; star_rating_color=&#8221;accent-color&#8221;][testimonial image=&#8221;6804&#8243; star_rating=&#8221;none&#8221; title=&#8221;Testimonial&#8221; id=&#8221;1497344565198-0-8&#8243; tab_id=&#8221;1496825863799-4&#8243; name=&#8221;Pedro Subijana&#8221; subtitle=&#8221;Xef&#8221; quote=&#8221;Porto col\u00b7laborant amb gsr des dels seus inicis. Sempre he posat l&#8217;accent en l&#8217;actitud d&#8217;equip que despr\u00e8n aquest empresa de gent jove i apassionada. Les diferents accions que realitzen al llarg de l&#8217;any i l&#8217;afany de superaci\u00f3 que mostren, es contagia als que assistim als seus esdeveniments on som tractats amb uns modals exquisits i professionalitat.&#8221;][\/testimonial_slider][\/vc_column][vc_column column_padding=&#8221;padding-3-percent&#8221; column_padding_position=&#8221;all&#8221; background_color_opacity=&#8221;0.5&#8243; background_hover_color_opacity=&#8221;1&#8243; column_link_target=&#8221;_self&#8221; column_shadow=&#8221;none&#8221; column_border_radius=&#8221;none&#8221; top_margin=&#8221;5&#8243; bottom_margin=&#8221;5&#8243; boxed=&#8221;true&#8221; width=&#8221;1\/3&#8243; tablet_width_inherit=&#8221;default&#8221; tablet_text_alignment=&#8221;default&#8221; phone_text_alignment=&#8221;default&#8221; overlay_strength=&#8221;0.3&#8243; column_border_width=&#8221;5px&#8221; column_border_color=&#8221;#c2a1e2&#8243; column_border_style=&#8221;dotted&#8221; bg_image_animation=&#8221;none&#8221;][testimonial_slider style=&#8221;default&#8221; star_rating_color=&#8221;accent-color&#8221;][testimonial image=&#8221;6781&#8243; star_rating=&#8221;none&#8221; title=&#8221;Testimonial&#8221; id=&#8221;1497344560057-0-9&#8243; tab_id=&#8221;1496825996209-3&#8243; name=&#8221;Martin Berasategui&#8221; subtitle=&#8221;Xef&#8221; quote=&#8221;Despr\u00e9s de tants anys d&#8217;estreta relaci\u00f3 amb el grup gsr nom\u00e9s puc dir que us heu guanyat l&#8217;estima i l&#8217;admiraci\u00f3 de tothom amb el vostre saber fer i la vostra professionalitat al llarg de tots aquests anys amb una gran vocaci\u00f3, entusiasme il\u00b7limitat i un gran desig de triomfar.&#8221;][\/testimonial_slider][\/vc_column][\/vc_row][vc_row type=&#8221;in_container&#8221; full_screen_row_position=&#8221;middle&#8221; column_margin=&#8221;default&#8221; scene_position=&#8221;center&#8221; text_color=&#8221;dark&#8221; text_align=&#8221;left&#8221; top_padding=&#8221;50&#8243; overlay_strength=&#8221;0.3&#8243; shape_divider_position=&#8221;bottom&#8221; bg_image_animation=&#8221;none&#8221;][vc_column column_padding=&#8221;padding-3-percent&#8221; column_padding_position=&#8221;all&#8221; background_color_opacity=&#8221;0.5&#8243; background_hover_color_opacity=&#8221;1&#8243; column_link_target=&#8221;_self&#8221; column_shadow=&#8221;none&#8221; column_border_radius=&#8221;none&#8221; top_margin=&#8221;5&#8243; bottom_margin=&#8221;5&#8243; boxed=&#8221;true&#8221; width=&#8221;1\/3&#8243; tablet_width_inherit=&#8221;default&#8221; tablet_text_alignment=&#8221;default&#8221; phone_text_alignment=&#8221;default&#8221; overlay_strength=&#8221;0.3&#8243; column_border_width=&#8221;5px&#8221; column_border_color=&#8221;#c2a1e2&#8243; column_border_style=&#8221;dotted&#8221; bg_image_animation=&#8221;none&#8221;][testimonial_slider style=&#8221;default&#8221; star_rating_color=&#8221;accent-color&#8221;][testimonial image=&#8221;6794&#8243; star_rating=&#8221;none&#8221; title=&#8221;Testimonial&#8221; id=&#8221;1497344560250-0-10&#8243; tab_id=&#8221;1496826424102-7&#8243; name=&#8221;Carles Gaig&#8221; subtitle=&#8221;Xef&#8221; quote=&#8221;Tenir a l&#8217;abast una ag\u00e8ncia de comunicaci\u00f3 com gsr per a les nostres necessitats professionals \u00e9s un luxe. I que quedi ben clara la seva contribuci\u00f3 a l&#8217;\u00e8xit de la cuina del nostre pa\u00eds en mil i una accions gastron\u00f2miques. Gr\u00e0cies a tot l&#8217;equip de gsr i llarga vida.&#8221;][\/testimonial_slider][\/vc_column][vc_column column_padding=&#8221;padding-3-percent&#8221; column_padding_position=&#8221;all&#8221; background_color_opacity=&#8221;0.5&#8243; background_hover_color_opacity=&#8221;1&#8243; column_link_target=&#8221;_self&#8221; column_shadow=&#8221;none&#8221; column_border_radius=&#8221;none&#8221; top_margin=&#8221;5&#8243; bottom_margin=&#8221;5&#8243; boxed=&#8221;true&#8221; width=&#8221;1\/3&#8243; tablet_width_inherit=&#8221;default&#8221; tablet_text_alignment=&#8221;default&#8221; phone_text_alignment=&#8221;default&#8221; overlay_strength=&#8221;0.3&#8243; column_border_width=&#8221;5px&#8221; column_border_color=&#8221;#c2a1e2&#8243; column_border_style=&#8221;dotted&#8221; bg_image_animation=&#8221;none&#8221;][testimonial_slider style=&#8221;default&#8221; star_rating_color=&#8221;accent-color&#8221;][testimonial image=&#8221;6672&#8243; star_rating=&#8221;none&#8221; title=&#8221;Testimonial&#8221; id=&#8221;1498125613630-0-10&#8243; tab_id=&#8221;1496825935022-8&#8243; name=&#8221;Gast\u00f3n Acurio&#8221; subtitle=&#8221;Xef&#8221; quote=&#8221;En aquest m\u00f3n en el que la cuina adquireix cada dia m\u00e9s i m\u00e9s rellev\u00e0ncia, els cuiners molts cops estem a la merc\u00e8 de molts perills que ens allunyen de la tasca que ens toca fer a la vida&#8230;&#8221;][testimonial image=&#8221;6672&#8243; star_rating=&#8221;none&#8221; title=&#8221;Testimonial&#8221; id=&#8221;1497344559938-0-1&#8243; tab_id=&#8221;1496825935022-8&#8243; name=&#8221;Gast\u00f3n Acurio&#8221; subtitle=&#8221;Xef&#8221; quote=&#8221;&#8230;fer feli\u00e7os als altres amb el nostre treball, cuinant. La creixent exposici\u00f3 medi\u00e0tica, el desenvolupar conceptes aqu\u00ed i all\u00e0, comunitats de seguidors sempre esperant les nostres hist\u00f2ries, compromisos i responsabilitats compartides al llarg de tota la cadena&#8230; Totes, activitats que poden no arribar a bon port si no tens els recolzament d&#8217;un equip aliat que no nom\u00e9s sigui professional si no que, sobretot, comparteixi el mateix somni i els mateixos ideals d&#8217;una cuina al servei del benestar de les persones. gsr \u00e9s aix\u00f2, el far de llum que ens ajuda dia a dia a seguir el cam\u00ed sense sobresalts i al final arribar a l&#8217;altra riba, amb la sensaci\u00f3 que m\u00e9s enll\u00e0 de l&#8217;\u00e8xit o el frac\u00e0s, vam fer el que era correcte.&#8221;][\/testimonial_slider][\/vc_column][vc_column column_padding=&#8221;padding-3-percent&#8221; column_padding_position=&#8221;all&#8221; background_color_opacity=&#8221;0.5&#8243; background_hover_color_opacity=&#8221;1&#8243; column_link_target=&#8221;_self&#8221; column_shadow=&#8221;none&#8221; column_border_radius=&#8221;none&#8221; top_margin=&#8221;5&#8243; bottom_margin=&#8221;5&#8243; boxed=&#8221;true&#8221; width=&#8221;1\/3&#8243; tablet_width_inherit=&#8221;default&#8221; tablet_text_alignment=&#8221;default&#8221; phone_text_alignment=&#8221;default&#8221; overlay_strength=&#8221;0.3&#8243; column_border_width=&#8221;5px&#8221; column_border_color=&#8221;#c2a1e2&#8243; column_border_style=&#8221;dotted&#8221; bg_image_animation=&#8221;none&#8221;][testimonial_slider style=&#8221;default&#8221; star_rating_color=&#8221;accent-color&#8221;][testimonial image=&#8221;6675&#8243; star_rating=&#8221;none&#8221; title=&#8221;Testimonial&#8221; id=&#8221;1496825971941-0-4&#8243; tab_id=&#8221;1496825971943-1&#8243; name=&#8221;Fina Puigdevall&#8221; subtitle=&#8221;Xef&#8221; quote=&#8221;S\u00f3n molts els moments compartits amb gsr, esdeveniments, pon\u00e8ncies, congressos&#8230;; per\u00f2 sempre recordar\u00e9 el 25\u00e8 aniversari de Les Cols perfectament organitzat i molt especial per a tot l&#8217;equip.&#8221;][\/testimonial_slider][\/vc_column][\/vc_row][vc_row type=&#8221;in_container&#8221; full_screen_row_position=&#8221;middle&#8221; column_margin=&#8221;default&#8221; scene_position=&#8221;center&#8221; text_color=&#8221;dark&#8221; text_align=&#8221;left&#8221; top_padding=&#8221;50&#8243; overlay_strength=&#8221;0.3&#8243; shape_divider_position=&#8221;bottom&#8221; bg_image_animation=&#8221;none&#8221;][vc_column column_padding=&#8221;padding-3-percent&#8221; column_padding_position=&#8221;all&#8221; background_color_opacity=&#8221;0.5&#8243; background_hover_color_opacity=&#8221;1&#8243; column_link_target=&#8221;_self&#8221; column_shadow=&#8221;none&#8221; column_border_radius=&#8221;none&#8221; top_margin=&#8221;5&#8243; bottom_margin=&#8221;5&#8243; boxed=&#8221;true&#8221; width=&#8221;1\/3&#8243; tablet_width_inherit=&#8221;default&#8221; tablet_text_alignment=&#8221;default&#8221; phone_text_alignment=&#8221;default&#8221; overlay_strength=&#8221;0.3&#8243; column_border_width=&#8221;5px&#8221; column_border_color=&#8221;#c2a1e2&#8243; column_border_style=&#8221;dotted&#8221; bg_image_animation=&#8221;none&#8221;][testimonial_slider style=&#8221;default&#8221; star_rating_color=&#8221;accent-color&#8221;][testimonial image=&#8221;6805&#8243; star_rating=&#8221;none&#8221; title=&#8221;Testimonial&#8221; id=&#8221;1497345451079-0-3&#8243; tab_id=&#8221;1496825863692-8&#8243; name=&#8221;Aldo Marcello de Luca&#8221; subtitle=&#8221;San Pellegrino&#8221; quote=&#8221;El profund coneixement del sector per part de gsr, la seva experi\u00e8ncia en l&#8217;organitzaci\u00f3 d&#8217;esdeveniments i en la gesti\u00f3 de la comunicaci\u00f3 ens ha perm\u00e8s establir una relaci\u00f3 m\u00e9s estreta entre les nostres marques i el m\u00f3n de la gastronomia.&#8221;][\/testimonial_slider][\/vc_column][vc_column column_padding=&#8221;padding-3-percent&#8221; column_padding_position=&#8221;all&#8221; background_color_opacity=&#8221;0.5&#8243; background_hover_color_opacity=&#8221;1&#8243; column_link_target=&#8221;_self&#8221; column_shadow=&#8221;none&#8221; column_border_radius=&#8221;none&#8221; top_margin=&#8221;5&#8243; bottom_margin=&#8221;5&#8243; boxed=&#8221;true&#8221; width=&#8221;1\/3&#8243; tablet_width_inherit=&#8221;default&#8221; tablet_text_alignment=&#8221;default&#8221; phone_text_alignment=&#8221;default&#8221; overlay_strength=&#8221;0.3&#8243; column_border_width=&#8221;5px&#8221; column_border_color=&#8221;#c2a1e2&#8243; column_border_style=&#8221;dotted&#8221; bg_image_animation=&#8221;none&#8221;][testimonial_slider style=&#8221;default&#8221; star_rating_color=&#8221;accent-color&#8221;][testimonial image=&#8221;9805&#8243; star_rating=&#8221;none&#8221; title=&#8221;Testimonial&#8221; id=&#8221;1497344565198-0-8&#8243; tab_id=&#8221;1496825863799-4&#8243; name=&#8221;Ferran Centelles&#8221; subtitle=&#8221;Sumiller&#8221; quote=&#8221;Amb gsr he experimentat com les idees m\u00e9s sorprenents o fins i tot alguns somnis poden fer-se realitat en l&#8217;entorn d&#8217;un esdeveniment gastron\u00f2mic. gsr \u00e9s el maridatge perfecte entre fantasia i tenacitat.&#8221;][\/testimonial_slider][\/vc_column][vc_column column_padding=&#8221;padding-3-percent&#8221; column_padding_position=&#8221;all&#8221; background_color_opacity=&#8221;0.5&#8243; background_hover_color_opacity=&#8221;1&#8243; column_link_target=&#8221;_self&#8221; column_shadow=&#8221;none&#8221; column_border_radius=&#8221;none&#8221; top_margin=&#8221;5&#8243; bottom_margin=&#8221;5&#8243; boxed=&#8221;true&#8221; width=&#8221;1\/3&#8243; tablet_width_inherit=&#8221;default&#8221; tablet_text_alignment=&#8221;default&#8221; phone_text_alignment=&#8221;default&#8221; overlay_strength=&#8221;0.3&#8243; column_border_width=&#8221;5px&#8221; column_border_color=&#8221;#c2a1e2&#8243; column_border_style=&#8221;dotted&#8221; bg_image_animation=&#8221;none&#8221;][testimonial_slider style=&#8221;default&#8221; star_rating_color=&#8221;accent-color&#8221;][testimonial image=&#8221;6809&#8243; star_rating=&#8221;none&#8221; title=&#8221;Testimonial&#8221; id=&#8221;1498132157928-0-9&#8243; tab_id=&#8221;1496825863692-8&#8243; name=&#8221;Jaume Alemany&#8221; subtitle=&#8221;Director de marketing de Damm&#8221; quote=&#8221;Per nosaltres Roser Torras i gsr s\u00f3n un actiu clau en la nostra aposta per la gastronomia. Ens han ajudat molt a entendre aquest m\u00f3n, a apropar-nos a ell i a treure&#8217;n molt m\u00e9s partit del que en tr\u00e8iem. A m\u00e9s, la gesti\u00f3 tan professional de la Roser fa que sentim gsr com si form\u00e9s part de Damm. &#8230;&#8221;][testimonial image=&#8221;6809&#8243; star_rating=&#8221;none&#8221; title=&#8221;Testimonial&#8221; id=&#8221;1497345451079-0-3&#8243; tab_id=&#8221;1496825863692-8&#8243; name=&#8221;Jaume Alemany&#8221; subtitle=&#8221;Director de marketing de Damm&#8221; quote=&#8221;&#8230;El seu talent, la seva experi\u00e8ncia i la seva formidable capacitat de relaci\u00f3 basada en l&#8217;honestedat fan que Roser Torras, i gsr com empresa, sigui un col\u00b7laborador d&#8217;alt valor per a nosaltres.&#8221;][\/testimonial_slider][\/vc_column][\/vc_row]\n","protected":false},"excerpt":{"rendered":"<p>[vc_row type=&#8221;in_container&#8221; full_screen_row_position=&#8221;middle&#8221; column_margin=&#8221;default&#8221; scene_position=&#8221;center&#8221; text_color=&#8221;dark&#8221; text_align=&#8221;left&#8221; top_padding=&#8221;50&#8243; overlay_strength=&#8221;0.3&#8243; shape_divider_position=&#8221;bottom&#8221; bg_image_animation=&#8221;none&#8221;][vc_column column_padding=&#8221;padding-3-percent&#8221; column_padding_position=&#8221;all&#8221; background_color_opacity=&#8221;0.5&#8243; background_hover_color_opacity=&#8221;1&#8243; column_link_target=&#8221;_self&#8221; column_shadow=&#8221;none&#8221; column_border_radius=&#8221;none&#8221; top_margin=&#8221;5&#8243; bottom_margin=&#8221;5&#8243; boxed=&#8221;true&#8221; width=&#8221;1\/3&#8243; tablet_width_inherit=&#8221;default&#8221; tablet_text_alignment=&#8221;default&#8221; phone_text_alignment=&#8221;default&#8221; overlay_strength=&#8221;0.3&#8243; column_border_width=&#8221;5px&#8221; column_border_color=&#8221;#c2a1e2&#8243; column_border_style=&#8221;dotted&#8221; bg_image_animation=&#8221;none&#8221;][testimonial_slider&#8230;<\/p>\n","protected":false},"author":1,"featured_media":0,"parent":0,"menu_order":0,"comment_status":"closed","ping_status":"closed","template":"","meta":[],"yoast_head":"<!-- This site is optimized with the Yoast SEO plugin v19.0 - https:\/\/yoast.com\/wordpress\/plugins\/seo\/ -->\n<title>testimonis - grup gsr<\/title>\n<meta name=\"robots\" content=\"index, follow, max-snippet:-1, max-image-preview:large, max-video-preview:-1\" \/>\n<link rel=\"canonical\" href=\"https:\/\/www.grupgsr.com\/ca\/testimonis\/\" \/>\n<meta property=\"og:locale\" content=\"en_US\" \/>\n<meta property=\"og:type\" content=\"article\" \/>\n<meta property=\"og:title\" content=\"testimonis - grup gsr\" \/>\n<meta property=\"og:description\" content=\"[vc_row type=&#8221;in_container&#8221; full_screen_row_position=&#8221;middle&#8221; column_margin=&#8221;default&#8221; scene_position=&#8221;center&#8221; text_color=&#8221;dark&#8221; text_align=&#8221;left&#8221; top_padding=&#8221;50&#8243; overlay_strength=&#8221;0.3&#8243; shape_divider_position=&#8221;bottom&#8221; bg_image_animation=&#8221;none&#8221;][vc_column column_padding=&#8221;padding-3-percent&#8221; column_padding_position=&#8221;all&#8221; background_color_opacity=&#8221;0.5&#8243; background_hover_color_opacity=&#8221;1&#8243; column_link_target=&#8221;_self&#8221; column_shadow=&#8221;none&#8221; column_border_radius=&#8221;none&#8221; top_margin=&#8221;5&#8243; bottom_margin=&#8221;5&#8243; boxed=&#8221;true&#8221; width=&#8221;1\/3&#8243; tablet_width_inherit=&#8221;default&#8221; tablet_text_alignment=&#8221;default&#8221; phone_text_alignment=&#8221;default&#8221; overlay_strength=&#8221;0.3&#8243; column_border_width=&#8221;5px&#8221; column_border_color=&#8221;#c2a1e2&#8243; column_border_style=&#8221;dotted&#8221; bg_image_animation=&#8221;none&#8221;][testimonial_slider...\" \/>\n<meta property=\"og:url\" content=\"https:\/\/www.grupgsr.com\/ca\/testimonis\/\" \/>\n<meta property=\"og:site_name\" content=\"grup gsr\" \/>\n<meta property=\"article:modified_time\" content=\"2022-03-08T17:49:32+00:00\" \/>\n<meta name=\"twitter:card\" content=\"summary_large_image\" \/>\n<meta name=\"twitter:label1\" content=\"Est. reading time\" \/>\n\t<meta name=\"twitter:data1\" content=\"11 minutes\" \/>\n<script type=\"application\/ld+json\" class=\"yoast-schema-graph\">{\"@context\":\"https:\/\/schema.org\",\"@graph\":[{\"@type\":\"WebSite\",\"@id\":\"https:\/\/www.grupgsr.com\/#website\",\"url\":\"https:\/\/www.grupgsr.com\/\",\"name\":\"grup gsr\",\"description\":\"Empresa de organizaci\u00f3n, promoci\u00f3n y comunicaci\u00f3n de la alimentaci\u00f3n, la hosteler\u00eda, la restauraci\u00f3n, la gastronom\u00eda y la enolog\u00eda.\",\"potentialAction\":[{\"@type\":\"SearchAction\",\"target\":{\"@type\":\"EntryPoint\",\"urlTemplate\":\"https:\/\/www.grupgsr.com\/?s={search_term_string}\"},\"query-input\":\"required name=search_term_string\"}],\"inLanguage\":\"ca-CA\"},{\"@type\":\"WebPage\",\"@id\":\"https:\/\/www.grupgsr.com\/ca\/testimonis\/#webpage\",\"url\":\"https:\/\/www.grupgsr.com\/ca\/testimonis\/\",\"name\":\"testimonis - grup gsr\",\"isPartOf\":{\"@id\":\"https:\/\/www.grupgsr.com\/#website\"},\"datePublished\":\"2017-06-07T09:03:41+00:00\",\"dateModified\":\"2022-03-08T17:49:32+00:00\",\"breadcrumb\":{\"@id\":\"https:\/\/www.grupgsr.com\/ca\/testimonis\/#breadcrumb\"},\"inLanguage\":\"ca-CA\",\"potentialAction\":[{\"@type\":\"ReadAction\",\"target\":[\"https:\/\/www.grupgsr.com\/ca\/testimonis\/\"]}]},{\"@type\":\"BreadcrumbList\",\"@id\":\"https:\/\/www.grupgsr.com\/ca\/testimonis\/#breadcrumb\",\"itemListElement\":[{\"@type\":\"ListItem\",\"position\":1,\"name\":\"Home\",\"item\":\"https:\/\/ms-gastro.srv.vocento.in\/gsr2025\/ca\/\"},{\"@type\":\"ListItem\",\"position\":2,\"name\":\"testimonis\"}]}]}<\/script>\n<!-- \/ Yoast SEO plugin. -->","yoast_head_json":{"title":"testimonis - grup gsr","robots":{"index":"index","follow":"follow","max-snippet":"max-snippet:-1","max-image-preview":"max-image-preview:large","max-video-preview":"max-video-preview:-1"},"canonical":"https:\/\/www.grupgsr.com\/ca\/testimonis\/","og_locale":"en_US","og_type":"article","og_title":"testimonis - grup gsr","og_description":"[vc_row type=&#8221;in_container&#8221; full_screen_row_position=&#8221;middle&#8221; column_margin=&#8221;default&#8221; scene_position=&#8221;center&#8221; text_color=&#8221;dark&#8221; text_align=&#8221;left&#8221; top_padding=&#8221;50&#8243; overlay_strength=&#8221;0.3&#8243; shape_divider_position=&#8221;bottom&#8221; bg_image_animation=&#8221;none&#8221;][vc_column column_padding=&#8221;padding-3-percent&#8221; column_padding_position=&#8221;all&#8221; background_color_opacity=&#8221;0.5&#8243; background_hover_color_opacity=&#8221;1&#8243; column_link_target=&#8221;_self&#8221; column_shadow=&#8221;none&#8221; column_border_radius=&#8221;none&#8221; top_margin=&#8221;5&#8243; bottom_margin=&#8221;5&#8243; boxed=&#8221;true&#8221; width=&#8221;1\/3&#8243; tablet_width_inherit=&#8221;default&#8221; tablet_text_alignment=&#8221;default&#8221; phone_text_alignment=&#8221;default&#8221; overlay_strength=&#8221;0.3&#8243; column_border_width=&#8221;5px&#8221; column_border_color=&#8221;#c2a1e2&#8243; column_border_style=&#8221;dotted&#8221; bg_image_animation=&#8221;none&#8221;][testimonial_slider...","og_url":"https:\/\/www.grupgsr.com\/ca\/testimonis\/","og_site_name":"grup gsr","article_modified_time":"2022-03-08T17:49:32+00:00","twitter_card":"summary_large_image","twitter_misc":{"Est. reading time":"11 minutes"},"schema":{"@context":"https:\/\/schema.org","@graph":[{"@type":"WebSite","@id":"https:\/\/www.grupgsr.com\/#website","url":"https:\/\/www.grupgsr.com\/","name":"grup gsr","description":"Empresa de organizaci\u00f3n, promoci\u00f3n y comunicaci\u00f3n de la alimentaci\u00f3n, la hosteler\u00eda, la restauraci\u00f3n, la gastronom\u00eda y la enolog\u00eda.","potentialAction":[{"@type":"SearchAction","target":{"@type":"EntryPoint","urlTemplate":"https:\/\/www.grupgsr.com\/?s={search_term_string}"},"query-input":"required name=search_term_string"}],"inLanguage":"ca-CA"},{"@type":"WebPage","@id":"https:\/\/www.grupgsr.com\/ca\/testimonis\/#webpage","url":"https:\/\/www.grupgsr.com\/ca\/testimonis\/","name":"testimonis - grup gsr","isPartOf":{"@id":"https:\/\/www.grupgsr.com\/#website"},"datePublished":"2017-06-07T09:03:41+00:00","dateModified":"2022-03-08T17:49:32+00:00","breadcrumb":{"@id":"https:\/\/www.grupgsr.com\/ca\/testimonis\/#breadcrumb"},"inLanguage":"ca-CA","potentialAction":[{"@type":"ReadAction","target":["https:\/\/www.grupgsr.com\/ca\/testimonis\/"]}]},{"@type":"BreadcrumbList","@id":"https:\/\/www.grupgsr.com\/ca\/testimonis\/#breadcrumb","itemListElement":[{"@type":"ListItem","position":1,"name":"Home","item":"https:\/\/ms-gastro.srv.vocento.in\/gsr2025\/ca\/"},{"@type":"ListItem","position":2,"name":"testimonis"}]}]}},"_links":{"self":[{"href":"https:\/\/www.grupgsr.com\/ca\/wp-json\/wp\/v2\/pages\/7113"}],"collection":[{"href":"https:\/\/www.grupgsr.com\/ca\/wp-json\/wp\/v2\/pages"}],"about":[{"href":"https:\/\/www.grupgsr.com\/ca\/wp-json\/wp\/v2\/types\/page"}],"author":[{"embeddable":true,"href":"https:\/\/www.grupgsr.com\/ca\/wp-json\/wp\/v2\/users\/1"}],"replies":[{"embeddable":true,"href":"https:\/\/www.grupgsr.com\/ca\/wp-json\/wp\/v2\/comments?post=7113"}],"version-history":[{"count":1,"href":"https:\/\/www.grupgsr.com\/ca\/wp-json\/wp\/v2\/pages\/7113\/revisions"}],"predecessor-version":[{"id":9832,"href":"https:\/\/www.grupgsr.com\/ca\/wp-json\/wp\/v2\/pages\/7113\/revisions\/9832"}],"wp:attachment":[{"href":"https:\/\/www.grupgsr.com\/ca\/wp-json\/wp\/v2\/media?parent=7113"}],"curies":[{"name":"wp","href":"https:\/\/api.w.org\/{rel}","templated":true}]}}